{"id":2859,"date":"2021-10-17T20:25:00","date_gmt":"2021-10-17T18:25:00","guid":{"rendered":"https:\/\/at.magnolio.shop\/?page_id=2859"},"modified":"2024-03-07T11:42:49","modified_gmt":"2024-03-07T10:42:49","slug":"aplicatie-airways","status":"publish","type":"page","link":"https:\/\/www.magnolioworld.com\/green-ro\/aplicatie-airways\/","title":{"rendered":"Men\u00fc | Anwendung | Atemwege"},"content":{"rendered":"<p>[et_pb_section fb_built=&#8221;1&#8243; _builder_version=&#8221;4.16&#8243; _module_preset=&#8221;default&#8221; custom_margin=&#8221;||||false|false&#8221; custom_margin_tablet=&#8221;&#8221; custom_margin_phone=&#8221;||||false|false&#8221; custom_margin_last_edited=&#8221;on|phone&#8221; custom_padding=&#8221;30px||30px||false|false&#8221; global_colors_info=&#8221;{}&#8221;][et_pb_row column_structure=&#8221;2_3,1_3&#8243; _builder_version=&#8221;4.16&#8243; _module_preset=&#8221;default&#8221; custom_margin=&#8221;24px|auto||auto||&#8221; custom_margin_tablet=&#8221;&#8221; custom_margin_phone=&#8221;12px|auto||auto|false|false&#8221; custom_margin_last_edited=&#8221;on|phone&#8221; custom_padding=&#8221;0px||35px||false|false&#8221; global_colors_info=&#8221;{}&#8221;][et_pb_column type=&#8221;2_3&#8243; _builder_version=&#8221;4.16&#8243; _module_preset=&#8221;default&#8221; global_colors_info=&#8221;{}&#8221;][et_pb_text _builder_version=&#8221;4.16&#8243; _module_preset=&#8221;default&#8221; custom_margin=&#8221;||7px|||&#8221; header_font_size_tablet=&#8221;&#8221; header_font_size_phone=&#8221;34px&#8221; header_font_size_last_edited=&#8221;on|phone&#8221; global_colors_info=&#8221;{}&#8221;]<\/p>\n<h1>Elibera\u021bi c\u0103ile respiratorii cu uleiuri esen\u021biale<\/h1>\n<p>[\/et_pb_text][et_pb_text _builder_version=&#8221;4.16&#8243; _module_preset=&#8221;default&#8221; global_colors_info=&#8221;{}&#8221;]<\/p>\n<p>Respira\u021bia liber\u0103 elibereaz\u0103 \u0219i \u00eent\u0103re\u0219te energia \u0219i favorizeaz\u0103 starea de bine. Respira\u021bia liber\u0103 ne ajut\u0103 s\u0103 ne eliber\u0103m pe plan intern \u0219i ne permite s\u0103 travers\u0103m ziua cu mai mult\u0103 vigoare \u0219i u\u0219urin\u021b\u0103.<\/p>\n<p>\u00cen realitate, exist\u0103 multe motive pentru care nu putem respira liber. Pe de o parte, acestea pot fi sensibilit\u0103\u021bi sezoniere care stric\u0103 lunile frumoase \u0219i calde. \u00cen prezent, mul\u021bi oameni consider\u0103 c\u0103 purtarea unei m\u0103\u0219ti le limiteaz\u0103 respira\u021bia. Nu trebuie neglijat nici aspectul emo\u021bional, atunci c\u00e2nd \u00ee\u021bi taie r\u0103suflarea sau teama \u00ee\u021bi \u00eeneac\u0103 g\u00e2tul. Uleiurile esen\u021biale de la doTERRA pot fi foarte potrivite pentru acest lucru.<\/p>\n<p>[\/et_pb_text][\/et_pb_column][et_pb_column type=&#8221;1_3&#8243; _builder_version=&#8221;4.16&#8243; _module_preset=&#8221;default&#8221; global_colors_info=&#8221;{}&#8221;][et_pb_image src=&#8221;https:\/\/www.magnolioworld.com\/green-ro\/wp-content\/uploads\/20&#215;20.png&#8221; alt=&#8221;Elibera\u021bi c\u0103ile respiratorii cu uleiuri esen\u021biale&#8221; title_text=&#8221;Elibera\u021bi c\u0103ile respiratorii cu uleiuri esen\u021biale&#8221; force_fullwidth=&#8221;on&#8221; _builder_version=&#8221;4.16&#8243; background_image=&#8221;https:\/\/www.magnolioworld.com\/green-ro\/wp-content\/uploads\/Depositphotos_53291161_xl-2015.jpg&#8221; height=&#8221;200px&#8221; border_width_all=&#8221;10px&#8221; border_color_all=&#8221;#ffffff&#8221; box_shadow_style=&#8221;preset1&#8243; box_shadow_blur=&#8221;10px&#8221; box_shadow_color=&#8221;#9b9b9b&#8221; locked=&#8221;off&#8221; global_colors_info=&#8221;{}&#8221;][\/et_pb_image][\/et_pb_column][\/et_pb_row][et_pb_row _builder_version=&#8221;4.16&#8243; _module_preset=&#8221;default&#8221; background_color=&#8221;#e8e8e8&#8243; custom_margin=&#8221;|auto|24px|auto||&#8221; custom_margin_tablet=&#8221;&#8221; custom_margin_phone=&#8221;|auto|26px|auto|false|false&#8221; custom_margin_last_edited=&#8221;on|phone&#8221; custom_padding=&#8221;20px||20px||false|false&#8221; locked=&#8221;off&#8221; global_colors_info=&#8221;{}&#8221;][et_pb_column type=&#8221;4_4&#8243; _builder_version=&#8221;4.16&#8243; _module_preset=&#8221;default&#8221; global_colors_info=&#8221;{}&#8221;][et_pb_text _builder_version=&#8221;4.16&#8243; _module_preset=&#8221;default&#8221; text_font_size=&#8221;24px&#8221; text_orientation=&#8221;center&#8221; custom_margin=&#8221;||7px|||&#8221; global_colors_info=&#8221;{}&#8221;]<\/p>\n<p>Prezentare general\u0103<\/p>\n<p>[\/et_pb_text][et_pb_text _builder_version=&#8221;4.16&#8243; _module_preset=&#8221;default&#8221; text_orientation=&#8221;center&#8221; custom_margin=&#8221;||10px||false|false&#8221; global_colors_info=&#8221;{}&#8221;]<\/p>\n<p><a href=\"#atem-befreiter\">Respira\u021bie liber\u0103<\/a> || <a href=\"#atem-einschraenkung\">restric\u021bie<\/a> || <a href=\"#atem-leistung\">performan\u021b\u0103<\/a> || <a href=\"#atem-saisonal\">sezonier\u0103<\/a><\/p>\n<p>[\/et_pb_text][et_pb_text _builder_version=&#8221;4.16&#8243; _module_preset=&#8221;default&#8221; text_orientation=&#8221;center&#8221; global_colors_info=&#8221;{}&#8221;]<\/p>\n<p>Sfat: Folosi\u021bi s\u0103geata din dreapta jos pentru a v\u0103 \u00eentoarce la \u00eenceput.<\/p>\n<p>[\/et_pb_text][\/et_pb_column][\/et_pb_row][et_pb_row module_id=&#8221;atem-befreiter&#8221; _builder_version=&#8221;4.16&#8243; _module_preset=&#8221;default&#8221; custom_margin=&#8221;40px||||false|false&#8221; custom_padding=&#8221;0px||0px||false|false&#8221; global_colors_info=&#8221;{}&#8221;][et_pb_column type=&#8221;4_4&#8243; _builder_version=&#8221;4.16&#8243; _module_preset=&#8221;default&#8221; global_colors_info=&#8221;{}&#8221;][et_pb_text _builder_version=&#8221;4.16&#8243; _module_preset=&#8221;default&#8221; custom_margin=&#8221;||7px|||&#8221; global_colors_info=&#8221;{}&#8221;]<\/p>\n<h2>Respira\u021bie eliberat\u0103 &#8211; via\u021b\u0103 eliberat\u0103<\/h2>\n<p>[\/et_pb_text][et_pb_text _builder_version=&#8221;4.16&#8243; _module_preset=&#8221;default&#8221; global_colors_info=&#8221;{}&#8221;]<\/p>\n<p>Situa\u021bia emo\u021bional\u0103 are, de asemenea, un efect foarte puternic asupra c\u0103ilor respiratorii. C\u00e2t de des temerile \u0219i nesiguran\u021ba fac ca respira\u021bia s\u0103 se str\u00e2ng\u0103, respira\u021bia s\u0103 devin\u0103 superficial\u0103 sau chiar s\u0103 se opreasc\u0103.  <\/p>\n<p>Ac\u021bion\u00e2nd direct asupra sistemului limbic (centrul emo\u021bional), uleiurile ne pot ajuta s\u0103 respir\u0103m din nou mai liber, at\u00e2t din punct de vedere emo\u021bional, c\u00e2t \u0219i fizic. Amestecul de uleiuri esen\u021biale Air \u0219i uleiul esen\u021bial de cimbru sunt deosebit de utile \u00een acest caz, care pot sprijini \u00een special procesele de renun\u021bare.<\/p>\n<p>SUGESTIE: Ad\u0103uga\u021bi 1-2 pic\u0103turi de aer \u0219i cimbru \u00een difuzor sau diminea\u021ba ca du\u0219 aromat \u00een tava de du\u0219 sau oferi\u021bi-v\u0103 un tratament spa eliberator \u00eempreun\u0103 cu s\u0103ruri de baie, lapte de migdale sau de ov\u0103z.<\/p>\n<p>[\/et_pb_text][et_pb_shop type=&#8221;product_category&#8221; include_categories=&#8221;1967,1954&#8243; columns_number=&#8221;4&#8243; orderby=&#8221;menu_order&#8221; _builder_version=&#8221;4.16&#8243; title_font_size=&#8221;22px&#8221; price_font_size=&#8221;14px&#8221; min_height=&#8221;504px&#8221; custom_margin=&#8221;||||false|false&#8221; custom_padding=&#8221;25px||0px||false|false&#8221; title_font_size_last_edited=&#8221;off|desktop&#8221; pac_drh_column_numbers_phone=&#8221;pac_drh_ph_col_two&#8221; locked=&#8221;off&#8221; global_colors_info=&#8221;{}&#8221;][\/et_pb_shop][\/et_pb_column][\/et_pb_row][et_pb_row module_id=&#8221;atem-einschraenkung&#8221; _builder_version=&#8221;4.16&#8243; _module_preset=&#8221;default&#8221; custom_padding=&#8221;0px||0px||false|false&#8221; global_colors_info=&#8221;{}&#8221;][et_pb_column type=&#8221;4_4&#8243; _builder_version=&#8221;4.16&#8243; _module_preset=&#8221;default&#8221; global_colors_info=&#8221;{}&#8221;][et_pb_text _builder_version=&#8221;4.16&#8243; _module_preset=&#8221;default&#8221; custom_margin=&#8221;||7px|||&#8221; global_colors_info=&#8221;{}&#8221;]<\/p>\n<h2>Restric\u021bia c\u0103ilor respiratorii &#8211; gratuit \u00een fiecare sezon<\/h2>\n<p>[\/et_pb_text][et_pb_text _builder_version=&#8221;4.16&#8243; _module_preset=&#8221;default&#8221; global_colors_info=&#8221;{}&#8221;]<\/p>\n<p>\u00cen orice moment al anului, starea de r\u0103u v\u0103 poate limita capacitatea de a respira liber. Acest lucru se \u00eent\u00e2mpl\u0103 foarte des \u00een lunile reci ale anului. Uleiurile esen\u021biale de eucalipt, de cimbru, de l\u0103m\u00e2ie \u0219i de ment\u0103 pot fi de mare ajutor.<\/p>\n<p>Uleiul de l\u0103m\u00e2ie are un puternic efect de solvent, iar cel de ment\u0103 favorizeaz\u0103 eliminarea. Uleiul de eucalipt \u0219i uleiul de cimbru au un efect expectorant \u0219i v\u0103 ajut\u0103 s\u0103 v\u0103 elibera\u021bi. \u00cen plus fa\u021b\u0103 de uleiurile individuale men\u021bionate, amestecurile de uleiuri esen\u021biale doterra Air \u0219i Purify pot oferi, de asemenea, un sprijin minunat pentru respira\u021bia liber\u0103.<\/p>\n<p>Uleiurile esen\u021biale din doTERRA-Air sunt uleiul de cardamom, uleiul de frunze de dafin, uleiul de ment\u0103, uleiul de eucalipt, uleiul de arbore de ceai, uleiul de l\u0103m\u00e2ie \u0219i uleiul de ravensara. doTERRA Air este uleiul de respira\u021bie.<\/p>\n<p>Amestecul de uleiuri esen\u021biale Purify combin\u0103 uleiul de l\u0103m\u00e2ie, de l\u0103m\u00e2ie verde \u0219i de pin. Uleiul de brad siberian este cunoscut pentru efectul s\u0103u de cur\u0103\u021bare. Aceast\u0103 compozi\u021bie este rafinat\u0103 cu ulei de citronella, ulei de arbore de ceai \u0219i ulei de coriandru pentru a crea o arom\u0103 purificatoare \u0219i eliberatoare.<\/p>\n<p>SUGESTIE: Amestecul de uleiuri esen\u021biale doTERRA-Air poate fi inhalat ca un amestec de parfum sau aplicat pe piept, spate \u0219i t\u0103lpile picioarelor pentru a calma \u0219i \u00eengriji preventiv tractul respirator. \u00cen timpul c\u0103l\u0103toriilor, doTERRA Air-Touch roll-on gata de utilizare poate fi folosit pentru inhalare \u0219i aplicare pe punctele de puls \u0219i pe ceaf\u0103.<\/p>\n<p>Toate uleiurile eliberatoare pot fi folosite de minune \u00een difuzor pentru un aer respirabil purificator \u0219i purificator.<\/p>\n<p><strong>Sfat suplimentar: Respira\u021bi liber sub masca de fa\u021b\u0103<\/strong><br \/>Aplica\u021bi 1-2 pic\u0103turi din amestecul de uleiuri esen\u021biale Air pe masc\u0103. Ve\u021bi putea s\u0103 respira\u021bi mai u\u0219or \u0219i mai liber.<\/p>\n<p>[\/et_pb_text][et_pb_shop type=&#8221;product_category&#8221; include_categories=&#8221;1965,1955&#8243; columns_number=&#8221;4&#8243; orderby=&#8221;menu_order&#8221; _builder_version=&#8221;4.16&#8243; title_font_size=&#8221;22px&#8221; price_font_size=&#8221;14px&#8221; min_height=&#8221;504px&#8221; custom_margin=&#8221;||||false|false&#8221; custom_padding=&#8221;25px||0px||false|false&#8221; title_font_size_last_edited=&#8221;off|desktop&#8221; pac_drh_column_numbers_phone=&#8221;pac_drh_ph_col_two&#8221; locked=&#8221;off&#8221; global_colors_info=&#8221;{}&#8221;][\/et_pb_shop][\/et_pb_column][\/et_pb_row][et_pb_row module_id=&#8221;atem-leistung&#8221; _builder_version=&#8221;4.16&#8243; _module_preset=&#8221;default&#8221; custom_margin_tablet=&#8221;&#8221; custom_margin_phone=&#8221;&#8221; custom_margin_last_edited=&#8221;on|phone&#8221; custom_padding=&#8221;0px||0px||false|false&#8221; global_colors_info=&#8221;{}&#8221;][et_pb_column type=&#8221;4_4&#8243; _builder_version=&#8221;4.16&#8243; _module_preset=&#8221;default&#8221; global_colors_info=&#8221;{}&#8221;][et_pb_text _builder_version=&#8221;4.16&#8243; _module_preset=&#8221;default&#8221; custom_margin=&#8221;||7px|||&#8221; header_font_size_phone=&#8221;42px&#8221; header_font_size_last_edited=&#8221;off|phone&#8221; header_2_font_size_tablet=&#8221;&#8221; header_2_font_size_phone=&#8221;34px&#8221; header_2_font_size_last_edited=&#8221;on|phone&#8221; global_colors_info=&#8221;{}&#8221;]<\/p>\n<h2>Mai eficient prin respira\u021bie liber\u0103 \u00een timpul sportului<\/h2>\n<p>[\/et_pb_text][et_pb_text _builder_version=&#8221;4.16&#8243; _module_preset=&#8221;default&#8221; global_colors_info=&#8221;{}&#8221;]<\/p>\n<p>\u00cen special, amestecul de cur\u0103\u021bare a c\u0103ilor respiratorii \u0219i de sus\u021binere doTERRA Air v\u0103 ajut\u0103 s\u0103 respira\u021bi ad\u00e2nc \u00een timpul sportului \u0219i, prin urmare, s\u0103 performa\u021bi mai bine.<\/p>\n<p>SUGESTIE: \u00centotdeauna am cu mine doTERRA Air ca o atingere atunci c\u00e2nd fac sport. \u00cel inhalez atunci c\u00e2nd este nevoie \u0219i \u00eel frec \u00een punctele de puls \u0219i \u00een ceaf\u0103.<\/p>\n<p>[\/et_pb_text][et_pb_shop type=&#8221;product_category&#8221; include_categories=&#8221;1956&#8243; columns_number=&#8221;4&#8243; orderby=&#8221;menu_order&#8221; _builder_version=&#8221;4.16&#8243; title_font_size=&#8221;22px&#8221; price_font_size=&#8221;14px&#8221; min_height=&#8221;504px&#8221; custom_margin=&#8221;||||false|false&#8221; custom_padding=&#8221;25px||0px||false|false&#8221; title_font_size_last_edited=&#8221;off|desktop&#8221; pac_drh_column_numbers_phone=&#8221;pac_drh_ph_col_two&#8221; locked=&#8221;off&#8221; global_colors_info=&#8221;{}&#8221;][\/et_pb_shop][\/et_pb_column][\/et_pb_row][et_pb_row module_id=&#8221;atem-saisonal&#8221; _builder_version=&#8221;4.16&#8243; _module_preset=&#8221;default&#8221; custom_margin=&#8221;0px|auto||auto|false|false&#8221; custom_padding=&#8221;0px||0px||false|false&#8221; global_colors_info=&#8221;{}&#8221;][et_pb_column type=&#8221;4_4&#8243; _builder_version=&#8221;4.16&#8243; _module_preset=&#8221;default&#8221; global_colors_info=&#8221;{}&#8221;][et_pb_text _builder_version=&#8221;4.16&#8243; _module_preset=&#8221;default&#8221; custom_margin=&#8221;||7px|||&#8221; global_colors_info=&#8221;{}&#8221;]<\/p>\n<h2>Sensibilit\u0103\u021bi sezoniere &#8211; \u00een sf\u00e2r\u0219it ne bucur\u0103m de frumoasa perioad\u0103 a anului<\/h2>\n<p>[\/et_pb_text][et_pb_text _builder_version=&#8221;4.16&#8243; _module_preset=&#8221;default&#8221; global_colors_info=&#8221;{}&#8221;]<\/p>\n<p>Mul\u021bi oameni sunt familiariza\u021bi cu faptul c\u0103, atunci c\u00e2nd vremea mai cald\u0103 \u0219i prim\u0103vara sosesc \u00een sf\u00e2r\u0219it, mul\u021bi nu mai pot ie\u0219i afar\u0103. Sunte\u021bi instruit s\u0103 lua\u021bi medicamente preventive. Nasul curge, ochii se m\u0103n\u00e2nc\u0103, adesea \u00eenso\u021bit de crize de str\u0103nut.<\/p>\n<p>Am avut \u0219i eu aceast\u0103 problem\u0103 ani de zile \u0219i nimic nu m-a ajutat cu adev\u0103rat. P\u00e2n\u0103 c\u00e2nd am descoperit posibilit\u0103\u021bile de sus\u021binere oferite de uleiurile esen\u021biale \u0219i acum pot sta \u00een mijlocul unei paji\u0219ti \u00eenflorite f\u0103r\u0103 probleme. Un vis a devenit realitate.<\/p>\n<p>Uleiurile esen\u021biale de l\u0103m\u00e2ie, de lavand\u0103 \u0219i de ment\u0103 sunt deosebit de potrivite pentru a combate sensibilit\u0103\u021bile sezoniere.<\/p>\n<p>Datorit\u0103 con\u021binutului s\u0103u ridicat de monoterpene, uleiul esen\u021bial de l\u0103m\u00e2ie are un efect de cur\u0103\u021bare \u0219i de detoxifiere foarte puternic. Uleiul de lev\u0103n\u021bic\u0103 are un puternic efect calmant \u0219i echilibrant, \u00een timp ce uleiul de ment\u0103 favorizeaz\u0103 eliminarea.<\/p>\n<p>SUGESTIE: Pur \u0219i simplu pune\u021bi c\u00e2te 2 pic\u0103turi de ulei de lavand\u0103, de ulei de l\u0103m\u00e2ie \u0219i de ulei de ment\u0103 \u00een palmele m\u00e2inilor \u0219i inspira\u021bi ad\u00e2nc de c\u00e2teva ori. Frecarea g\u00e2tului este, de asemenea, util\u0103. DoTERRA Triease softgels, \u00een care cele 3 uleiuri sunt deja disponibile, gata de utilizare, \u00een capsule practice de gel, pot fi folosite \u0219i \u00een timpul c\u0103l\u0103toriilor. Utilizarea preventiv\u0103 \u00een difuzor poate contribui, de asemenea, la men\u021binerea aerului curat acas\u0103 sau la birou<\/p>\n<p>[\/et_pb_text][et_pb_shop type=&#8221;product_category&#8221; include_categories=&#8221;1957&#8243; columns_number=&#8221;4&#8243; orderby=&#8221;menu_order&#8221; _builder_version=&#8221;4.16&#8243; title_font_size=&#8221;22px&#8221; price_font_size=&#8221;14px&#8221; min_height=&#8221;504px&#8221; custom_margin=&#8221;||||false|false&#8221; custom_padding=&#8221;25px||0px||false|false&#8221; title_font_size_last_edited=&#8221;off|desktop&#8221; pac_drh_column_numbers_phone=&#8221;pac_drh_ph_col_two&#8221; locked=&#8221;off&#8221; global_colors_info=&#8221;{}&#8221;][\/et_pb_shop][\/et_pb_column][\/et_pb_row][\/et_pb_section]<\/p>\n","protected":false},"excerpt":{"rendered":"<p>Elibera\u021bi c\u0103ile respiratorii cu uleiuri esen\u021bialeRespira\u021bia liber\u0103 elibereaz\u0103 \u0219i \u00eent\u0103re\u0219te energia \u0219i favorizeaz\u0103 starea de bine. Respira\u021bia liber\u0103 ne ajut\u0103 s\u0103 ne eliber\u0103m pe plan intern \u0219i ne permite s\u0103 travers\u0103m ziua cu mai mult\u0103 vigoare \u0219i u\u0219urin\u021b\u0103. \u00cen realitate, exist\u0103 multe motive pentru care nu putem respira liber. Pe de o parte, acestea pot [&hellip;]<\/p>\n","protected":false},"author":1,"featured_media":0,"parent":0,"menu_order":0,"comment_status":"closed","ping_status":"closed","template":"","meta":{"_et_pb_use_builder":"on","_et_pb_old_content":"","_et_gb_content_width":"","footnotes":""},"categories":[2061],"_links":{"self":[{"href":"https:\/\/www.magnolioworld.com\/green-ro\/wp-json\/wp\/v2\/pages\/2859"}],"collection":[{"href":"https:\/\/www.magnolioworld.com\/green-ro\/wp-json\/wp\/v2\/pages"}],"about":[{"href":"https:\/\/www.magnolioworld.com\/green-ro\/wp-json\/wp\/v2\/types\/page"}],"author":[{"embeddable":true,"href":"https:\/\/www.magnolioworld.com\/green-ro\/wp-json\/wp\/v2\/users\/1"}],"replies":[{"embeddable":true,"href":"https:\/\/www.magnolioworld.com\/green-ro\/wp-json\/wp\/v2\/comments?post=2859"}],"version-history":[{"count":1,"href":"https:\/\/www.magnolioworld.com\/green-ro\/wp-json\/wp\/v2\/pages\/2859\/revisions"}],"predecessor-version":[{"id":6398,"href":"https:\/\/www.magnolioworld.com\/green-ro\/wp-json\/wp\/v2\/pages\/2859\/revisions\/6398"}],"wp:attachment":[{"href":"https:\/\/www.magnolioworld.com\/green-ro\/wp-json\/wp\/v2\/media?parent=2859"}],"wp:term":[{"taxonomy":"category","embeddable":true,"href":"https:\/\/www.magnolioworld.com\/green-ro\/wp-json\/wp\/v2\/categories?post=2859"}],"curies":[{"name":"wp","href":"https:\/\/api.w.org\/{rel}","templated":true}]}}